


















{"id":9882,"date":"2022-03-21T04:16:28","date_gmt":"2022-03-21T03:16:28","guid":{"rendered":"https:\/\/trafikurban-pr.com\/2022\/?page_id=9882"},"modified":"2026-04-15T13:20:47","modified_gmt":"2026-04-15T12:20:47","slug":"orari-dhe-linjat","status":"publish","type":"page","link":"https:\/\/trafikurban-pr.com\/2022\/orari-dhe-linjat\/","title":{"rendered":"Orari dhe linjat"},"content":{"rendered":"<p>[vc_row full_width=&#8221;stretch_row_content_no_spaces&#8221; kd_background_image_position=&#8221;vc_row-bg-position-top&#8221; css=&#8221;.vc_custom_1647832930005{padding-top: 100px !important;padding-bottom: 85px !important;}&#8221;][vc_column][vc_tta_tabs active_section=&#8221;1&#8243; pagination_style=&#8221;outline-square&#8221;][vc_tta_section i_icon_fontawesome=&#8221;fas fa-bus&#8221; add_icon=&#8221;true&#8221; title=&#8221;Linja 1 (Bregu i Diellit &#8211; Fushe Kosove)&#8221; tab_id=&#8221;1&#8243;][vc_row_inner kd_background_image_position=&#8221;vc_row-bg-position-top&#8221;][vc_column_inner]<div class=\"features-tabs kd-tabswrapper-5899769ef6143e8d73 tabs-image-left tab-img-contained\" >\r\r\n\t\t\t\t<div id=\"kd-extab-1240169ef6143e948a\">\r\r\n\t\t\t\t<div class=\"tab-image-container\"><a href=\"https:\/\/trafikurban-pr.com\/2022\/wp-content\/uploads\/2026\/03\/Linja-1-rescaled.png\" target=\"_blank\"><img loading=\"lazy\" decoding=\"async\" width=\"2560\" height=\"1182\" src=\"https:\/\/trafikurban-pr.com\/2022\/wp-content\/uploads\/2026\/03\/Linja-1-rescaled.png\" class=\"attachment-full\" alt=\"\" title=\"Linja 1 - 2026\" srcset=\"https:\/\/trafikurban-pr.com\/2022\/wp-content\/uploads\/2026\/03\/Linja-1-rescaled.png 2560w, https:\/\/trafikurban-pr.com\/2022\/wp-content\/uploads\/2026\/03\/Linja-1-rescaled-300x139.png 300w, https:\/\/trafikurban-pr.com\/2022\/wp-content\/uploads\/2026\/03\/Linja-1-rescaled-1024x473.png 1024w, https:\/\/trafikurban-pr.com\/2022\/wp-content\/uploads\/2026\/03\/Linja-1-rescaled-768x355.png 768w, https:\/\/trafikurban-pr.com\/2022\/wp-content\/uploads\/2026\/03\/Linja-1-rescaled-1536x709.png 1536w, https:\/\/trafikurban-pr.com\/2022\/wp-content\/uploads\/2026\/03\/Linja-1-rescaled-2048x946.png 2048w\" sizes=\"auto, (max-width: 2560px) 100vw, 2560px\" \/><div class=\"ext-tab-overlay\">\r\r\n\t\t\t\t\t\t\t<div class=\"ext-tab-arrow\"><\/div>\r\r\n\t\t\t\t\t\t<\/div><\/a><\/div>\r\r\n\t\t\t\t<\/div>\r\r\n\t\t\t\t<li class=\"tab-control-item\">\r\r\n\t\t\t\t\t<a href=\"#kd-extab-1240169ef6143e948a\">\r\r\n\t\t\t\t\t\t<div class=\"tab-text-container\">\r\r\n\t\t\t\t\t\t\t<h5 class=\"tab-title\"> Orari - Dit\u00ebt Pun\u00ebs<\/h5><\/div>\r\r\n\t\t\t\t\t<\/a>\r\r\n\t\t\t\t<\/li><div id=\"kd-extab-7268869ef6143e99a1\">\r\r\n\t\t\t\t<div class=\"tab-image-container\"><a href=\"https:\/\/trafikurban-pr.com\/2022\/wp-content\/uploads\/2026\/03\/Linja-1-vikend-2026.png\" target=\"_blank\"><img loading=\"lazy\" decoding=\"async\" width=\"2560\" height=\"1182\" src=\"https:\/\/trafikurban-pr.com\/2022\/wp-content\/uploads\/2026\/03\/Linja-1-vikend-2026.png\" class=\"attachment-full\" alt=\"\" title=\"Linja 1 -vikend- 2026\" srcset=\"https:\/\/trafikurban-pr.com\/2022\/wp-content\/uploads\/2026\/03\/Linja-1-vikend-2026.png 2560w, https:\/\/trafikurban-pr.com\/2022\/wp-content\/uploads\/2026\/03\/Linja-1-vikend-2026-300x139.png 300w, https:\/\/trafikurban-pr.com\/2022\/wp-content\/uploads\/2026\/03\/Linja-1-vikend-2026-1024x473.png 1024w, https:\/\/trafikurban-pr.com\/2022\/wp-content\/uploads\/2026\/03\/Linja-1-vikend-2026-768x355.png 768w, https:\/\/trafikurban-pr.com\/2022\/wp-content\/uploads\/2026\/03\/Linja-1-vikend-2026-1536x709.png 1536w, https:\/\/trafikurban-pr.com\/2022\/wp-content\/uploads\/2026\/03\/Linja-1-vikend-2026-2048x946.png 2048w\" sizes=\"auto, (max-width: 2560px) 100vw, 2560px\" \/><div class=\"ext-tab-overlay\">\r\r\n\t\t\t\t\t\t\t<div class=\"ext-tab-arrow\"><\/div>\r\r\n\t\t\t\t\t\t<\/div><\/a><\/div>\r\r\n\t\t\t\t<\/div>\r\r\n\t\t\t\t<li class=\"tab-control-item\">\r\r\n\t\t\t\t\t<a href=\"#kd-extab-7268869ef6143e99a1\">\r\r\n\t\t\t\t\t\t<div class=\"tab-text-container\">\r\r\n\t\t\t\t\t\t\t<h5 class=\"tab-title\"> Orari - Vikend dhe Festat<\/h5><\/div>\r\r\n\t\t\t\t\t<\/a>\r\r\n\t\t\t\t<\/li>\r\r\n\t\t\t\t<ul class=\"tab-controls\"><\/ul>\r\r\n\t\t\t<\/div>[\/vc_column_inner][\/vc_row_inner][\/vc_tta_section][vc_tta_section i_icon_fontawesome=&#8221;fas fa-bus&#8221; add_icon=&#8221;true&#8221; title=&#8221;Linja 1A (St. Autobus\u00ebve &#8211; Prishtin\u00eb -&gt; Aeroport)&#8221; tab_id=&#8221;1647832681293-8e00b402-5eaa&#8221;][vc_row_inner kd_background_image_position=&#8221;vc_row-bg-position-top&#8221;][vc_column_inner]<div class=\"features-tabs kd-tabswrapper-9151769ef6143e99e0 tabs-image-left tab-img-contained\" >\r\r\n\t\t\t\t<div id=\"kd-extab-2784469ef6143e9ebf\">\r\r\n\t\t\t\t<div class=\"tab-image-container\"><a href=\"https:\/\/trafikurban-pr.com\/2022\/wp-content\/uploads\/2026\/04\/Linja-1A-5.png\" target=\"_blank\"><img loading=\"lazy\" decoding=\"async\" width=\"2499\" height=\"1154\" src=\"https:\/\/trafikurban-pr.com\/2022\/wp-content\/uploads\/2026\/04\/Linja-1A-5.png\" class=\"attachment-full\" alt=\"\" title=\"Linja 1A\" srcset=\"https:\/\/trafikurban-pr.com\/2022\/wp-content\/uploads\/2026\/04\/Linja-1A-5.png 2499w, https:\/\/trafikurban-pr.com\/2022\/wp-content\/uploads\/2026\/04\/Linja-1A-5-300x139.png 300w, https:\/\/trafikurban-pr.com\/2022\/wp-content\/uploads\/2026\/04\/Linja-1A-5-1024x473.png 1024w, https:\/\/trafikurban-pr.com\/2022\/wp-content\/uploads\/2026\/04\/Linja-1A-5-768x355.png 768w, https:\/\/trafikurban-pr.com\/2022\/wp-content\/uploads\/2026\/04\/Linja-1A-5-1536x709.png 1536w, https:\/\/trafikurban-pr.com\/2022\/wp-content\/uploads\/2026\/04\/Linja-1A-5-2048x946.png 2048w\" sizes=\"auto, (max-width: 2499px) 100vw, 2499px\" \/><div class=\"ext-tab-overlay\">\r\r\n\t\t\t\t\t\t\t<div class=\"ext-tab-arrow\"><\/div>\r\r\n\t\t\t\t\t\t<\/div><\/a><\/div>\r\r\n\t\t\t\t<\/div>\r\r\n\t\t\t\t<li class=\"tab-control-item\">\r\r\n\t\t\t\t\t<a href=\"#kd-extab-2784469ef6143e9ebf\">\r\r\n\t\t\t\t\t\t<div class=\"tab-text-container\">\r\r\n\t\t\t\t\t\t\t<h5 class=\"tab-title\"> Orari - Dit\u00ebt Pun\u00ebs<\/h5><\/div>\r\r\n\t\t\t\t\t<\/a>\r\r\n\t\t\t\t<\/li><div id=\"kd-extab-4900269ef6143ea419\">\r\r\n\t\t\t\t<div class=\"tab-image-container\"><a href=\"https:\/\/trafikurban-pr.com\/2022\/wp-content\/uploads\/2026\/03\/Linja-1A-vikend-2026.png\" target=\"_blank\"><img loading=\"lazy\" decoding=\"async\" width=\"2560\" height=\"1182\" src=\"https:\/\/trafikurban-pr.com\/2022\/wp-content\/uploads\/2026\/03\/Linja-1A-vikend-2026.png\" class=\"attachment-full\" alt=\"\" title=\"Linja 1A -vikend- 2026\" srcset=\"https:\/\/trafikurban-pr.com\/2022\/wp-content\/uploads\/2026\/03\/Linja-1A-vikend-2026.png 2560w, https:\/\/trafikurban-pr.com\/2022\/wp-content\/uploads\/2026\/03\/Linja-1A-vikend-2026-300x139.png 300w, https:\/\/trafikurban-pr.com\/2022\/wp-content\/uploads\/2026\/03\/Linja-1A-vikend-2026-1024x473.png 1024w, https:\/\/trafikurban-pr.com\/2022\/wp-content\/uploads\/2026\/03\/Linja-1A-vikend-2026-768x355.png 768w, https:\/\/trafikurban-pr.com\/2022\/wp-content\/uploads\/2026\/03\/Linja-1A-vikend-2026-1536x709.png 1536w, https:\/\/trafikurban-pr.com\/2022\/wp-content\/uploads\/2026\/03\/Linja-1A-vikend-2026-2048x946.png 2048w\" sizes=\"auto, (max-width: 2560px) 100vw, 2560px\" \/><div class=\"ext-tab-overlay\">\r\r\n\t\t\t\t\t\t\t<div class=\"ext-tab-arrow\"><\/div>\r\r\n\t\t\t\t\t\t<\/div><\/a><\/div>\r\r\n\t\t\t\t<\/div>\r\r\n\t\t\t\t<li class=\"tab-control-item\">\r\r\n\t\t\t\t\t<a href=\"#kd-extab-4900269ef6143ea419\">\r\r\n\t\t\t\t\t\t<div class=\"tab-text-container\">\r\r\n\t\t\t\t\t\t\t<h5 class=\"tab-title\"> Orari - Vikend dhe Festat<\/h5><\/div>\r\r\n\t\t\t\t\t<\/a>\r\r\n\t\t\t\t<\/li>\r\r\n\t\t\t\t<ul class=\"tab-controls\"><\/ul>\r\r\n\t\t\t<\/div>[\/vc_column_inner][\/vc_row_inner][\/vc_tta_section][vc_tta_section i_icon_fontawesome=&#8221;fas fa-bus&#8221; add_icon=&#8221;true&#8221; title=&#8221;Linja 3 (Rrethi Mati &#8211; fsh.Bardhosh)&#8221; tab_id=&#8221;1647832681025-b1daecaf-f216&#8243;][vc_row_inner kd_background_image_position=&#8221;vc_row-bg-position-top&#8221;][vc_column_inner]<div class=\"features-tabs kd-tabswrapper-5517869ef6143ea488 tabs-image-left tab-img-contained\" >\r\r\n\t\t\t\t<div id=\"kd-extab-6566169ef6143ea955\">\r\r\n\t\t\t\t<div class=\"tab-image-container\"><a href=\"https:\/\/trafikurban-pr.com\/2022\/wp-content\/uploads\/2026\/03\/Linja-3-2026.png\" target=\"_blank\"><img loading=\"lazy\" decoding=\"async\" width=\"2560\" height=\"1182\" src=\"https:\/\/trafikurban-pr.com\/2022\/wp-content\/uploads\/2026\/03\/Linja-3-2026.png\" class=\"attachment-full\" alt=\"\" title=\"Linja 3 - 2026\" srcset=\"https:\/\/trafikurban-pr.com\/2022\/wp-content\/uploads\/2026\/03\/Linja-3-2026.png 2560w, https:\/\/trafikurban-pr.com\/2022\/wp-content\/uploads\/2026\/03\/Linja-3-2026-300x139.png 300w, https:\/\/trafikurban-pr.com\/2022\/wp-content\/uploads\/2026\/03\/Linja-3-2026-1024x473.png 1024w, https:\/\/trafikurban-pr.com\/2022\/wp-content\/uploads\/2026\/03\/Linja-3-2026-768x355.png 768w, https:\/\/trafikurban-pr.com\/2022\/wp-content\/uploads\/2026\/03\/Linja-3-2026-1536x709.png 1536w, https:\/\/trafikurban-pr.com\/2022\/wp-content\/uploads\/2026\/03\/Linja-3-2026-2048x946.png 2048w\" sizes=\"auto, (max-width: 2560px) 100vw, 2560px\" \/><div class=\"ext-tab-overlay\">\r\r\n\t\t\t\t\t\t\t<div class=\"ext-tab-arrow\"><\/div>\r\r\n\t\t\t\t\t\t<\/div><\/a><\/div>\r\r\n\t\t\t\t<\/div>\r\r\n\t\t\t\t<li class=\"tab-control-item\">\r\r\n\t\t\t\t\t<a href=\"#kd-extab-6566169ef6143ea955\">\r\r\n\t\t\t\t\t\t<div class=\"tab-text-container\">\r\r\n\t\t\t\t\t\t\t<h5 class=\"tab-title\"> Orari - Dit\u00ebt Pun\u00ebs<\/h5><\/div>\r\r\n\t\t\t\t\t<\/a>\r\r\n\t\t\t\t<\/li><div id=\"kd-extab-4790369ef6143eae35\">\r\r\n\t\t\t\t<div class=\"tab-image-container\"><a href=\"https:\/\/trafikurban-pr.com\/2022\/wp-content\/uploads\/2026\/03\/Linja-3-vikend-2026.png\" target=\"_blank\"><img loading=\"lazy\" decoding=\"async\" width=\"2560\" height=\"1182\" src=\"https:\/\/trafikurban-pr.com\/2022\/wp-content\/uploads\/2026\/03\/Linja-3-vikend-2026.png\" class=\"attachment-full\" alt=\"\" title=\"Linja 3 -vikend- 2026\" srcset=\"https:\/\/trafikurban-pr.com\/2022\/wp-content\/uploads\/2026\/03\/Linja-3-vikend-2026.png 2560w, https:\/\/trafikurban-pr.com\/2022\/wp-content\/uploads\/2026\/03\/Linja-3-vikend-2026-300x139.png 300w, https:\/\/trafikurban-pr.com\/2022\/wp-content\/uploads\/2026\/03\/Linja-3-vikend-2026-1024x473.png 1024w, https:\/\/trafikurban-pr.com\/2022\/wp-content\/uploads\/2026\/03\/Linja-3-vikend-2026-768x355.png 768w, https:\/\/trafikurban-pr.com\/2022\/wp-content\/uploads\/2026\/03\/Linja-3-vikend-2026-1536x709.png 1536w, https:\/\/trafikurban-pr.com\/2022\/wp-content\/uploads\/2026\/03\/Linja-3-vikend-2026-2048x946.png 2048w\" sizes=\"auto, (max-width: 2560px) 100vw, 2560px\" \/><div class=\"ext-tab-overlay\">\r\r\n\t\t\t\t\t\t\t<div class=\"ext-tab-arrow\"><\/div>\r\r\n\t\t\t\t\t\t<\/div><\/a><\/div>\r\r\n\t\t\t\t<\/div>\r\r\n\t\t\t\t<li class=\"tab-control-item\">\r\r\n\t\t\t\t\t<a href=\"#kd-extab-4790369ef6143eae35\">\r\r\n\t\t\t\t\t\t<div class=\"tab-text-container\">\r\r\n\t\t\t\t\t\t\t<h5 class=\"tab-title\"> Orari - Vikend dhe Festat<\/h5><\/div>\r\r\n\t\t\t\t\t<\/a>\r\r\n\t\t\t\t<\/li>\r\r\n\t\t\t\t<ul class=\"tab-controls\"><\/ul>\r\r\n\t\t\t<\/div>[\/vc_column_inner][\/vc_row_inner][\/vc_tta_section][vc_tta_section i_icon_fontawesome=&#8221;fas fa-bus&#8221; add_icon=&#8221;true&#8221; title=&#8221;Linja 3B (B\u00ebrnic\u00eb e Ult\u00eb -&gt; Rrethi i Matit)&#8221; tab_id=&#8221;1647832679256-ad5c459c-38e1&#8243;][vc_row_inner kd_background_image_position=&#8221;vc_row-bg-position-top&#8221;][vc_column_inner]<div class=\"features-tabs kd-tabswrapper-2619469ef6143eae79 tabs-image-left tab-img-contained\" >\r\r\n\t\t\t\t<div id=\"kd-extab-1019469ef6143eb341\">\r\r\n\t\t\t\t<div class=\"tab-image-container\"><a href=\"https:\/\/trafikurban-pr.com\/2022\/wp-content\/uploads\/2026\/03\/Linja-3B-2026.png\" target=\"_blank\"><img loading=\"lazy\" decoding=\"async\" width=\"2560\" height=\"1182\" src=\"https:\/\/trafikurban-pr.com\/2022\/wp-content\/uploads\/2026\/03\/Linja-3B-2026.png\" class=\"attachment-full\" alt=\"\" title=\"Linja 3B - 2026\" srcset=\"https:\/\/trafikurban-pr.com\/2022\/wp-content\/uploads\/2026\/03\/Linja-3B-2026.png 2560w, https:\/\/trafikurban-pr.com\/2022\/wp-content\/uploads\/2026\/03\/Linja-3B-2026-300x139.png 300w, https:\/\/trafikurban-pr.com\/2022\/wp-content\/uploads\/2026\/03\/Linja-3B-2026-1024x473.png 1024w, https:\/\/trafikurban-pr.com\/2022\/wp-content\/uploads\/2026\/03\/Linja-3B-2026-768x355.png 768w, https:\/\/trafikurban-pr.com\/2022\/wp-content\/uploads\/2026\/03\/Linja-3B-2026-1536x709.png 1536w, https:\/\/trafikurban-pr.com\/2022\/wp-content\/uploads\/2026\/03\/Linja-3B-2026-2048x946.png 2048w\" sizes=\"auto, (max-width: 2560px) 100vw, 2560px\" \/><div class=\"ext-tab-overlay\">\r\r\n\t\t\t\t\t\t\t<div class=\"ext-tab-arrow\"><\/div>\r\r\n\t\t\t\t\t\t<\/div><\/a><\/div>\r\r\n\t\t\t\t<\/div>\r\r\n\t\t\t\t<li class=\"tab-control-item\">\r\r\n\t\t\t\t\t<a href=\"#kd-extab-1019469ef6143eb341\">\r\r\n\t\t\t\t\t\t<div class=\"tab-text-container\">\r\r\n\t\t\t\t\t\t\t<h5 class=\"tab-title\"> Orari - Dit\u00ebt Pun\u00ebs<\/h5><\/div>\r\r\n\t\t\t\t\t<\/a>\r\r\n\t\t\t\t<\/li><div id=\"kd-extab-5017869ef6143eb7c0\">\r\r\n\t\t\t\t<div class=\"tab-image-container\"><a href=\"https:\/\/trafikurban-pr.com\/2022\/wp-content\/uploads\/2026\/03\/Linja-3B-vikend-2026.png\" target=\"_blank\"><img loading=\"lazy\" decoding=\"async\" width=\"2560\" height=\"1182\" src=\"https:\/\/trafikurban-pr.com\/2022\/wp-content\/uploads\/2026\/03\/Linja-3B-vikend-2026.png\" class=\"attachment-full\" alt=\"\" title=\"Linja 3B -vikend- 2026\" srcset=\"https:\/\/trafikurban-pr.com\/2022\/wp-content\/uploads\/2026\/03\/Linja-3B-vikend-2026.png 2560w, https:\/\/trafikurban-pr.com\/2022\/wp-content\/uploads\/2026\/03\/Linja-3B-vikend-2026-300x139.png 300w, https:\/\/trafikurban-pr.com\/2022\/wp-content\/uploads\/2026\/03\/Linja-3B-vikend-2026-1024x473.png 1024w, https:\/\/trafikurban-pr.com\/2022\/wp-content\/uploads\/2026\/03\/Linja-3B-vikend-2026-768x355.png 768w, https:\/\/trafikurban-pr.com\/2022\/wp-content\/uploads\/2026\/03\/Linja-3B-vikend-2026-1536x709.png 1536w, https:\/\/trafikurban-pr.com\/2022\/wp-content\/uploads\/2026\/03\/Linja-3B-vikend-2026-2048x946.png 2048w\" sizes=\"auto, (max-width: 2560px) 100vw, 2560px\" \/><div class=\"ext-tab-overlay\">\r\r\n\t\t\t\t\t\t\t<div class=\"ext-tab-arrow\"><\/div>\r\r\n\t\t\t\t\t\t<\/div><\/a><\/div>\r\r\n\t\t\t\t<\/div>\r\r\n\t\t\t\t<li class=\"tab-control-item\">\r\r\n\t\t\t\t\t<a href=\"#kd-extab-5017869ef6143eb7c0\">\r\r\n\t\t\t\t\t\t<div class=\"tab-text-container\">\r\r\n\t\t\t\t\t\t\t<h5 class=\"tab-title\"> Orari - Vikend dhe Festat<\/h5><\/div>\r\r\n\t\t\t\t\t<\/a>\r\r\n\t\t\t\t<\/li>\r\r\n\t\t\t\t<ul class=\"tab-controls\"><\/ul>\r\r\n\t\t\t<\/div>[\/vc_column_inner][\/vc_row_inner][\/vc_tta_section][vc_tta_section i_icon_fontawesome=&#8221;fas fa-bus&#8221; add_icon=&#8221;true&#8221; title=&#8221;Linja 3C (Sinidoll &#8211; Bregu i Diellit)&#8221; tab_id=&#8221;1647832679059-6f739f72-65ea&#8221;][vc_row_inner kd_background_image_position=&#8221;vc_row-bg-position-top&#8221;][vc_column_inner]<div class=\"features-tabs kd-tabswrapper-7801069ef6143eb815 tabs-image-left tab-img-contained\" >\r\r\n\t\t\t\t<div id=\"kd-extab-2529769ef6143ebd31\">\r\r\n\t\t\t\t<div class=\"tab-image-container\"><a href=\"https:\/\/trafikurban-pr.com\/2022\/wp-content\/uploads\/2026\/04\/Linja-3C.png\" target=\"_blank\"><img loading=\"lazy\" decoding=\"async\" width=\"2499\" height=\"1154\" src=\"https:\/\/trafikurban-pr.com\/2022\/wp-content\/uploads\/2026\/04\/Linja-3C.png\" class=\"attachment-full\" alt=\"\" title=\"Linja 3C\" srcset=\"https:\/\/trafikurban-pr.com\/2022\/wp-content\/uploads\/2026\/04\/Linja-3C.png 2499w, https:\/\/trafikurban-pr.com\/2022\/wp-content\/uploads\/2026\/04\/Linja-3C-300x139.png 300w, https:\/\/trafikurban-pr.com\/2022\/wp-content\/uploads\/2026\/04\/Linja-3C-1024x473.png 1024w, https:\/\/trafikurban-pr.com\/2022\/wp-content\/uploads\/2026\/04\/Linja-3C-768x355.png 768w, https:\/\/trafikurban-pr.com\/2022\/wp-content\/uploads\/2026\/04\/Linja-3C-1536x709.png 1536w, https:\/\/trafikurban-pr.com\/2022\/wp-content\/uploads\/2026\/04\/Linja-3C-2048x946.png 2048w\" sizes=\"auto, (max-width: 2499px) 100vw, 2499px\" \/><div class=\"ext-tab-overlay\">\r\r\n\t\t\t\t\t\t\t<div class=\"ext-tab-arrow\"><\/div>\r\r\n\t\t\t\t\t\t<\/div><\/a><\/div>\r\r\n\t\t\t\t<\/div>\r\r\n\t\t\t\t<li class=\"tab-control-item\">\r\r\n\t\t\t\t\t<a href=\"#kd-extab-2529769ef6143ebd31\">\r\r\n\t\t\t\t\t\t<div class=\"tab-text-container\">\r\r\n\t\t\t\t\t\t\t<h5 class=\"tab-title\"> Orari - Dit\u00ebt Pun\u00ebs<\/h5><\/div>\r\r\n\t\t\t\t\t<\/a>\r\r\n\t\t\t\t<\/li><div id=\"kd-extab-8785069ef6143ec1cd\">\r\r\n\t\t\t\t<div class=\"tab-image-container\"><a href=\"https:\/\/trafikurban-pr.com\/2022\/wp-content\/uploads\/2026\/03\/Linja-3C-vikend-2026.png\" target=\"_blank\"><img loading=\"lazy\" decoding=\"async\" width=\"2560\" height=\"1182\" src=\"https:\/\/trafikurban-pr.com\/2022\/wp-content\/uploads\/2026\/03\/Linja-3C-vikend-2026.png\" class=\"attachment-full\" alt=\"\" title=\"Linja 3C -vikend- 2026\" srcset=\"https:\/\/trafikurban-pr.com\/2022\/wp-content\/uploads\/2026\/03\/Linja-3C-vikend-2026.png 2560w, https:\/\/trafikurban-pr.com\/2022\/wp-content\/uploads\/2026\/03\/Linja-3C-vikend-2026-300x139.png 300w, https:\/\/trafikurban-pr.com\/2022\/wp-content\/uploads\/2026\/03\/Linja-3C-vikend-2026-1024x473.png 1024w, https:\/\/trafikurban-pr.com\/2022\/wp-content\/uploads\/2026\/03\/Linja-3C-vikend-2026-768x355.png 768w, https:\/\/trafikurban-pr.com\/2022\/wp-content\/uploads\/2026\/03\/Linja-3C-vikend-2026-1536x709.png 1536w, https:\/\/trafikurban-pr.com\/2022\/wp-content\/uploads\/2026\/03\/Linja-3C-vikend-2026-2048x946.png 2048w\" sizes=\"auto, (max-width: 2560px) 100vw, 2560px\" \/><div class=\"ext-tab-overlay\">\r\r\n\t\t\t\t\t\t\t<div class=\"ext-tab-arrow\"><\/div>\r\r\n\t\t\t\t\t\t<\/div><\/a><\/div>\r\r\n\t\t\t\t<\/div>\r\r\n\t\t\t\t<li class=\"tab-control-item\">\r\r\n\t\t\t\t\t<a href=\"#kd-extab-8785069ef6143ec1cd\">\r\r\n\t\t\t\t\t\t<div class=\"tab-text-container\">\r\r\n\t\t\t\t\t\t\t<h5 class=\"tab-title\"> Orari - Vikend dhe Festat<\/h5><\/div>\r\r\n\t\t\t\t\t<\/a>\r\r\n\t\t\t\t<\/li>\r\r\n\t\t\t\t<ul class=\"tab-controls\"><\/ul>\r\r\n\t\t\t<\/div>[\/vc_column_inner][\/vc_row_inner][\/vc_tta_section][vc_tta_section i_icon_fontawesome=&#8221;fas fa-bus&#8221; add_icon=&#8221;true&#8221; title=&#8221;Linja 4 (Lagjja Mat \u2013 Parku i G\u00ebrmis\u00eb)&#8221; tab_id=&#8221;1647832678832-3c4a61bd-acc6&#8243;][vc_row_inner kd_background_image_position=&#8221;vc_row-bg-position-top&#8221;][vc_column_inner]<div class=\"features-tabs kd-tabswrapper-4407569ef6143ec212 tabs-image-left tab-img-contained\" >\r\r\n\t\t\t\t<div id=\"kd-extab-6563169ef6143ec6e1\">\r\r\n\t\t\t\t<div class=\"tab-image-container\"><a href=\"https:\/\/trafikurban-pr.com\/2022\/wp-content\/uploads\/2026\/03\/Linja-4-2026.png\" target=\"_blank\"><img loading=\"lazy\" decoding=\"async\" width=\"2560\" height=\"1182\" src=\"https:\/\/trafikurban-pr.com\/2022\/wp-content\/uploads\/2026\/03\/Linja-4-2026.png\" class=\"attachment-full\" alt=\"\" title=\"Linja 4 - 2026\" srcset=\"https:\/\/trafikurban-pr.com\/2022\/wp-content\/uploads\/2026\/03\/Linja-4-2026.png 2560w, https:\/\/trafikurban-pr.com\/2022\/wp-content\/uploads\/2026\/03\/Linja-4-2026-300x139.png 300w, https:\/\/trafikurban-pr.com\/2022\/wp-content\/uploads\/2026\/03\/Linja-4-2026-1024x473.png 1024w, https:\/\/trafikurban-pr.com\/2022\/wp-content\/uploads\/2026\/03\/Linja-4-2026-768x355.png 768w, https:\/\/trafikurban-pr.com\/2022\/wp-content\/uploads\/2026\/03\/Linja-4-2026-1536x709.png 1536w, https:\/\/trafikurban-pr.com\/2022\/wp-content\/uploads\/2026\/03\/Linja-4-2026-2048x946.png 2048w\" sizes=\"auto, (max-width: 2560px) 100vw, 2560px\" \/><div class=\"ext-tab-overlay\">\r\r\n\t\t\t\t\t\t\t<div class=\"ext-tab-arrow\"><\/div>\r\r\n\t\t\t\t\t\t<\/div><\/a><\/div>\r\r\n\t\t\t\t<\/div>\r\r\n\t\t\t\t<li class=\"tab-control-item\">\r\r\n\t\t\t\t\t<a href=\"#kd-extab-6563169ef6143ec6e1\">\r\r\n\t\t\t\t\t\t<div class=\"tab-text-container\">\r\r\n\t\t\t\t\t\t\t<h5 class=\"tab-title\"> Orari - Dit\u00ebt Pun\u00ebs<\/h5><\/div>\r\r\n\t\t\t\t\t<\/a>\r\r\n\t\t\t\t<\/li><div id=\"kd-extab-9219669ef6143ecc4f\">\r\r\n\t\t\t\t<div class=\"tab-image-container\"><a href=\"https:\/\/trafikurban-pr.com\/2022\/wp-content\/uploads\/2026\/03\/Linja-4-vikend-2026.png\" target=\"_blank\"><img loading=\"lazy\" decoding=\"async\" width=\"2560\" height=\"1182\" src=\"https:\/\/trafikurban-pr.com\/2022\/wp-content\/uploads\/2026\/03\/Linja-4-vikend-2026.png\" class=\"attachment-full\" alt=\"\" title=\"Linja 4 -vikend- 2026\" srcset=\"https:\/\/trafikurban-pr.com\/2022\/wp-content\/uploads\/2026\/03\/Linja-4-vikend-2026.png 2560w, https:\/\/trafikurban-pr.com\/2022\/wp-content\/uploads\/2026\/03\/Linja-4-vikend-2026-300x139.png 300w, https:\/\/trafikurban-pr.com\/2022\/wp-content\/uploads\/2026\/03\/Linja-4-vikend-2026-1024x473.png 1024w, https:\/\/trafikurban-pr.com\/2022\/wp-content\/uploads\/2026\/03\/Linja-4-vikend-2026-768x355.png 768w, https:\/\/trafikurban-pr.com\/2022\/wp-content\/uploads\/2026\/03\/Linja-4-vikend-2026-1536x709.png 1536w, https:\/\/trafikurban-pr.com\/2022\/wp-content\/uploads\/2026\/03\/Linja-4-vikend-2026-2048x946.png 2048w\" sizes=\"auto, (max-width: 2560px) 100vw, 2560px\" \/><div class=\"ext-tab-overlay\">\r\r\n\t\t\t\t\t\t\t<div class=\"ext-tab-arrow\"><\/div>\r\r\n\t\t\t\t\t\t<\/div><\/a><\/div>\r\r\n\t\t\t\t<\/div>\r\r\n\t\t\t\t<li class=\"tab-control-item\">\r\r\n\t\t\t\t\t<a href=\"#kd-extab-9219669ef6143ecc4f\">\r\r\n\t\t\t\t\t\t<div class=\"tab-text-container\">\r\r\n\t\t\t\t\t\t\t<h5 class=\"tab-title\"> Orari - Vikend dhe Festat<\/h5><\/div>\r\r\n\t\t\t\t\t<\/a>\r\r\n\t\t\t\t<\/li>\r\r\n\t\t\t\t<ul class=\"tab-controls\"><\/ul>\r\r\n\t\t\t<\/div>[\/vc_column_inner][\/vc_row_inner][\/vc_tta_section][vc_tta_section i_icon_fontawesome=&#8221;fas fa-bus&#8221; add_icon=&#8221;true&#8221; title=&#8221;Linja 7C (Kalabri \u2013 Qend\u00ebr \u2013 Kalabri)&#8221; tab_id=&#8221;1647832678658-ce388f76-5028&#8243;][vc_row_inner kd_background_image_position=&#8221;vc_row-bg-position-top&#8221;][vc_column_inner]<div class=\"features-tabs kd-tabswrapper-8594969ef6143ecca8 tabs-image-left tab-img-contained\" >\r\r\n\t\t\t\t<div id=\"kd-extab-2288469ef6143ed1d7\">\r\r\n\t\t\t\t<div class=\"tab-image-container\"><a href=\"https:\/\/trafikurban-pr.com\/2022\/wp-content\/uploads\/2026\/03\/Linja-7C-2026.png\" target=\"_blank\"><img loading=\"lazy\" decoding=\"async\" width=\"2560\" height=\"1182\" src=\"https:\/\/trafikurban-pr.com\/2022\/wp-content\/uploads\/2026\/03\/Linja-7C-2026.png\" class=\"attachment-full\" alt=\"\" title=\"Linja 7C - 2026\" srcset=\"https:\/\/trafikurban-pr.com\/2022\/wp-content\/uploads\/2026\/03\/Linja-7C-2026.png 2560w, https:\/\/trafikurban-pr.com\/2022\/wp-content\/uploads\/2026\/03\/Linja-7C-2026-300x139.png 300w, https:\/\/trafikurban-pr.com\/2022\/wp-content\/uploads\/2026\/03\/Linja-7C-2026-1024x473.png 1024w, https:\/\/trafikurban-pr.com\/2022\/wp-content\/uploads\/2026\/03\/Linja-7C-2026-768x355.png 768w, https:\/\/trafikurban-pr.com\/2022\/wp-content\/uploads\/2026\/03\/Linja-7C-2026-1536x709.png 1536w, https:\/\/trafikurban-pr.com\/2022\/wp-content\/uploads\/2026\/03\/Linja-7C-2026-2048x946.png 2048w\" sizes=\"auto, (max-width: 2560px) 100vw, 2560px\" \/><div class=\"ext-tab-overlay\">\r\r\n\t\t\t\t\t\t\t<div class=\"ext-tab-arrow\"><\/div>\r\r\n\t\t\t\t\t\t<\/div><\/a><\/div>\r\r\n\t\t\t\t<\/div>\r\r\n\t\t\t\t<li class=\"tab-control-item\">\r\r\n\t\t\t\t\t<a href=\"#kd-extab-2288469ef6143ed1d7\">\r\r\n\t\t\t\t\t\t<div class=\"tab-text-container\">\r\r\n\t\t\t\t\t\t\t<h5 class=\"tab-title\"> Orari - Dit\u00ebt Pun\u00ebs<\/h5><\/div>\r\r\n\t\t\t\t\t<\/a>\r\r\n\t\t\t\t<\/li><div id=\"kd-extab-2691969ef6143ed941\">\r\r\n\t\t\t\t<div class=\"tab-image-container\"><a href=\"https:\/\/trafikurban-pr.com\/2022\/wp-content\/uploads\/2026\/03\/Linja-7C-vikend-2026.png\" target=\"_blank\"><img loading=\"lazy\" decoding=\"async\" width=\"2560\" height=\"1182\" src=\"https:\/\/trafikurban-pr.com\/2022\/wp-content\/uploads\/2026\/03\/Linja-7C-vikend-2026.png\" class=\"attachment-full\" alt=\"\" title=\"Linja 7C-vikend- 2026\" srcset=\"https:\/\/trafikurban-pr.com\/2022\/wp-content\/uploads\/2026\/03\/Linja-7C-vikend-2026.png 2560w, https:\/\/trafikurban-pr.com\/2022\/wp-content\/uploads\/2026\/03\/Linja-7C-vikend-2026-300x139.png 300w, https:\/\/trafikurban-pr.com\/2022\/wp-content\/uploads\/2026\/03\/Linja-7C-vikend-2026-1024x473.png 1024w, https:\/\/trafikurban-pr.com\/2022\/wp-content\/uploads\/2026\/03\/Linja-7C-vikend-2026-768x355.png 768w, https:\/\/trafikurban-pr.com\/2022\/wp-content\/uploads\/2026\/03\/Linja-7C-vikend-2026-1536x709.png 1536w, https:\/\/trafikurban-pr.com\/2022\/wp-content\/uploads\/2026\/03\/Linja-7C-vikend-2026-2048x946.png 2048w\" sizes=\"auto, (max-width: 2560px) 100vw, 2560px\" \/><div class=\"ext-tab-overlay\">\r\r\n\t\t\t\t\t\t\t<div class=\"ext-tab-arrow\"><\/div>\r\r\n\t\t\t\t\t\t<\/div><\/a><\/div>\r\r\n\t\t\t\t<\/div>\r\r\n\t\t\t\t<li class=\"tab-control-item\">\r\r\n\t\t\t\t\t<a href=\"#kd-extab-2691969ef6143ed941\">\r\r\n\t\t\t\t\t\t<div class=\"tab-text-container\">\r\r\n\t\t\t\t\t\t\t<h5 class=\"tab-title\"> Orari - Vikend dhe Festat<\/h5><\/div>\r\r\n\t\t\t\t\t<\/a>\r\r\n\t\t\t\t<\/li>\r\r\n\t\t\t\t<ul class=\"tab-controls\"><\/ul>\r\r\n\t\t\t<\/div>[\/vc_column_inner][\/vc_row_inner][\/vc_tta_section][vc_tta_section i_icon_fontawesome=&#8221;fas fa-bus&#8221; add_icon=&#8221;true&#8221; title=&#8221;Linja 15 (Prishtin\u00eb -&gt; Ke\u00e7ekoll\u00eb -&gt; Prapashtic\u00eb)&#8221; tab_id=&#8221;1647832681700-1ca1befc-d768&#8243;][vc_row_inner kd_background_image_position=&#8221;vc_row-bg-position-top&#8221;][vc_column_inner]<div class=\"features-tabs kd-tabswrapper-3984169ef6143ed9b5 tabs-image-left tab-img-contained\" >\r\r\n\t\t\t\t<div id=\"kd-extab-2289369ef6143edf29\">\r\r\n\t\t\t\t<div class=\"tab-image-container\"><a href=\"https:\/\/trafikurban-pr.com\/2022\/wp-content\/uploads\/2026\/03\/Linja-15-2026.png\" target=\"_blank\"><img loading=\"lazy\" decoding=\"async\" width=\"2560\" height=\"1182\" src=\"https:\/\/trafikurban-pr.com\/2022\/wp-content\/uploads\/2026\/03\/Linja-15-2026.png\" class=\"attachment-full\" alt=\"\" title=\"Linja 15 - 2026\" srcset=\"https:\/\/trafikurban-pr.com\/2022\/wp-content\/uploads\/2026\/03\/Linja-15-2026.png 2560w, https:\/\/trafikurban-pr.com\/2022\/wp-content\/uploads\/2026\/03\/Linja-15-2026-300x139.png 300w, https:\/\/trafikurban-pr.com\/2022\/wp-content\/uploads\/2026\/03\/Linja-15-2026-1024x473.png 1024w, https:\/\/trafikurban-pr.com\/2022\/wp-content\/uploads\/2026\/03\/Linja-15-2026-768x355.png 768w, https:\/\/trafikurban-pr.com\/2022\/wp-content\/uploads\/2026\/03\/Linja-15-2026-1536x709.png 1536w, https:\/\/trafikurban-pr.com\/2022\/wp-content\/uploads\/2026\/03\/Linja-15-2026-2048x946.png 2048w\" sizes=\"auto, (max-width: 2560px) 100vw, 2560px\" \/><div class=\"ext-tab-overlay\">\r\r\n\t\t\t\t\t\t\t<div class=\"ext-tab-arrow\"><\/div>\r\r\n\t\t\t\t\t\t<\/div><\/a><\/div>\r\r\n\t\t\t\t<\/div>\r\r\n\t\t\t\t<li class=\"tab-control-item\">\r\r\n\t\t\t\t\t<a href=\"#kd-extab-2289369ef6143edf29\">\r\r\n\t\t\t\t\t\t<div class=\"tab-text-container\">\r\r\n\t\t\t\t\t\t\t<h5 class=\"tab-title\"> Orari - Dit\u00ebt Pun\u00ebs<\/h5><\/div>\r\r\n\t\t\t\t\t<\/a>\r\r\n\t\t\t\t<\/li><div id=\"kd-extab-9928969ef6143ee407\">\r\r\n\t\t\t\t<div class=\"tab-image-container\"><a href=\"https:\/\/trafikurban-pr.com\/2022\/wp-content\/uploads\/2026\/03\/Linja-15-vikend-2026.png\" target=\"_blank\"><img loading=\"lazy\" decoding=\"async\" width=\"2560\" height=\"1182\" src=\"https:\/\/trafikurban-pr.com\/2022\/wp-content\/uploads\/2026\/03\/Linja-15-vikend-2026.png\" class=\"attachment-full\" alt=\"\" title=\"Linja 15 -vikend- 2026\" srcset=\"https:\/\/trafikurban-pr.com\/2022\/wp-content\/uploads\/2026\/03\/Linja-15-vikend-2026.png 2560w, https:\/\/trafikurban-pr.com\/2022\/wp-content\/uploads\/2026\/03\/Linja-15-vikend-2026-300x139.png 300w, https:\/\/trafikurban-pr.com\/2022\/wp-content\/uploads\/2026\/03\/Linja-15-vikend-2026-1024x473.png 1024w, https:\/\/trafikurban-pr.com\/2022\/wp-content\/uploads\/2026\/03\/Linja-15-vikend-2026-768x355.png 768w, https:\/\/trafikurban-pr.com\/2022\/wp-content\/uploads\/2026\/03\/Linja-15-vikend-2026-1536x709.png 1536w, https:\/\/trafikurban-pr.com\/2022\/wp-content\/uploads\/2026\/03\/Linja-15-vikend-2026-2048x946.png 2048w\" sizes=\"auto, (max-width: 2560px) 100vw, 2560px\" \/><div class=\"ext-tab-overlay\">\r\r\n\t\t\t\t\t\t\t<div class=\"ext-tab-arrow\"><\/div>\r\r\n\t\t\t\t\t\t<\/div><\/a><\/div>\r\r\n\t\t\t\t<\/div>\r\r\n\t\t\t\t<li class=\"tab-control-item\">\r\r\n\t\t\t\t\t<a href=\"#kd-extab-9928969ef6143ee407\">\r\r\n\t\t\t\t\t\t<div class=\"tab-text-container\">\r\r\n\t\t\t\t\t\t\t<h5 class=\"tab-title\"> Orari - Vikend dhe Festat<\/h5><\/div>\r\r\n\t\t\t\t\t<\/a>\r\r\n\t\t\t\t<\/li>\r\r\n\t\t\t\t<ul class=\"tab-controls\"><\/ul>\r\r\n\t\t\t<\/div>[\/vc_column_inner][\/vc_row_inner][\/vc_tta_section][vc_tta_section i_icon_fontawesome=&#8221;fas fa-bus&#8221; add_icon=&#8221;true&#8221; title=&#8221;Linja 19 (Kishnic\u00eb &#8211; Gra\u00e7anic\u00eb &#8211; Prishtin\u00eb)&#8221; tab_id=&#8221;1701339060597-eda5c9c2-3ba2&#8243;][vc_row_inner kd_background_image_position=&#8221;vc_row-bg-position-top&#8221;][vc_column_inner]<div class=\"features-tabs kd-tabswrapper-4589169ef6143ee43d tabs-image-left tab-img-contained\" >\r\r\n\t\t\t\t<div id=\"kd-extab-6671569ef6143ee9c1\">\r\r\n\t\t\t\t<div class=\"tab-image-container\"><a href=\"https:\/\/trafikurban-pr.com\/2022\/wp-content\/uploads\/2026\/03\/Linja-19-2026.png\" target=\"_blank\"><img loading=\"lazy\" decoding=\"async\" width=\"2560\" height=\"1182\" src=\"https:\/\/trafikurban-pr.com\/2022\/wp-content\/uploads\/2026\/03\/Linja-19-2026.png\" class=\"attachment-full\" alt=\"\" title=\"Linja 19 - 2026\" srcset=\"https:\/\/trafikurban-pr.com\/2022\/wp-content\/uploads\/2026\/03\/Linja-19-2026.png 2560w, https:\/\/trafikurban-pr.com\/2022\/wp-content\/uploads\/2026\/03\/Linja-19-2026-300x139.png 300w, https:\/\/trafikurban-pr.com\/2022\/wp-content\/uploads\/2026\/03\/Linja-19-2026-1024x473.png 1024w, https:\/\/trafikurban-pr.com\/2022\/wp-content\/uploads\/2026\/03\/Linja-19-2026-768x355.png 768w, https:\/\/trafikurban-pr.com\/2022\/wp-content\/uploads\/2026\/03\/Linja-19-2026-1536x709.png 1536w, https:\/\/trafikurban-pr.com\/2022\/wp-content\/uploads\/2026\/03\/Linja-19-2026-2048x946.png 2048w\" sizes=\"auto, (max-width: 2560px) 100vw, 2560px\" \/><div class=\"ext-tab-overlay\">\r\r\n\t\t\t\t\t\t\t<div class=\"ext-tab-arrow\"><\/div>\r\r\n\t\t\t\t\t\t<\/div><\/a><\/div>\r\r\n\t\t\t\t<\/div>\r\r\n\t\t\t\t<li class=\"tab-control-item\">\r\r\n\t\t\t\t\t<a href=\"#kd-extab-6671569ef6143ee9c1\">\r\r\n\t\t\t\t\t\t<div class=\"tab-text-container\">\r\r\n\t\t\t\t\t\t\t<h5 class=\"tab-title\"> Orari - Dit\u00ebt Pun\u00ebs<\/h5><\/div>\r\r\n\t\t\t\t\t<\/a>\r\r\n\t\t\t\t<\/li><div id=\"kd-extab-4884769ef6143ef062\">\r\r\n\t\t\t\t<div class=\"tab-image-container\"><a href=\"https:\/\/trafikurban-pr.com\/2022\/wp-content\/uploads\/2026\/03\/Linja-19-vikend-2026.png\" target=\"_blank\"><img loading=\"lazy\" decoding=\"async\" width=\"2560\" height=\"1182\" src=\"https:\/\/trafikurban-pr.com\/2022\/wp-content\/uploads\/2026\/03\/Linja-19-vikend-2026.png\" class=\"attachment-full\" alt=\"\" title=\"Linja 19 -vikend- 2026\" srcset=\"https:\/\/trafikurban-pr.com\/2022\/wp-content\/uploads\/2026\/03\/Linja-19-vikend-2026.png 2560w, https:\/\/trafikurban-pr.com\/2022\/wp-content\/uploads\/2026\/03\/Linja-19-vikend-2026-300x139.png 300w, https:\/\/trafikurban-pr.com\/2022\/wp-content\/uploads\/2026\/03\/Linja-19-vikend-2026-1024x473.png 1024w, https:\/\/trafikurban-pr.com\/2022\/wp-content\/uploads\/2026\/03\/Linja-19-vikend-2026-768x355.png 768w, https:\/\/trafikurban-pr.com\/2022\/wp-content\/uploads\/2026\/03\/Linja-19-vikend-2026-1536x709.png 1536w, https:\/\/trafikurban-pr.com\/2022\/wp-content\/uploads\/2026\/03\/Linja-19-vikend-2026-2048x946.png 2048w\" sizes=\"auto, (max-width: 2560px) 100vw, 2560px\" \/><div class=\"ext-tab-overlay\">\r\r\n\t\t\t\t\t\t\t<div class=\"ext-tab-arrow\"><\/div>\r\r\n\t\t\t\t\t\t<\/div><\/a><\/div>\r\r\n\t\t\t\t<\/div>\r\r\n\t\t\t\t<li class=\"tab-control-item\">\r\r\n\t\t\t\t\t<a href=\"#kd-extab-4884769ef6143ef062\">\r\r\n\t\t\t\t\t\t<div class=\"tab-text-container\">\r\r\n\t\t\t\t\t\t\t<h5 class=\"tab-title\"> Orari - Vikend dhe Festat<\/h5><\/div>\r\r\n\t\t\t\t\t<\/a>\r\r\n\t\t\t\t<\/li>\r\r\n\t\t\t\t<ul class=\"tab-controls\"><\/ul>\r\r\n\t\t\t<\/div>[\/vc_column_inner][\/vc_row_inner][\/vc_tta_section][\/vc_tta_tabs][\/vc_column][\/vc_row]<\/p>\n","protected":false},"excerpt":{"rendered":"<p>[vc_row full_width=&#8221;stretch_row_content_no_spaces&#8221; kd_background_image_position=&#8221;vc_row-bg-position-top&#8221; css=&#8221;.vc_custom_1647832930005{padding-top: 100px !important;padding-bottom: 85px !important;}&#8221;][vc_column][vc_tta_tabs active_section=&#8221;1&#8243; pagination_style=&#8221;outline-square&#8221;][vc_tta_section i_icon_fontawesome=&#8221;fas fa-bus&#8221; add_icon=&#8221;true&#8221; title=&#8221;Linja 1 (Bregu i Diellit &#8211; Fushe [&hellip;]<\/p>\n","protected":false},"author":1,"featured_media":0,"parent":0,"menu_order":0,"comment_status":"closed","ping_status":"closed","template":"","meta":{"footnotes":""},"class_list":["post-9882","page","type-page","status-publish","hentry"],"_links":{"self":[{"href":"https:\/\/trafikurban-pr.com\/2022\/wp-json\/wp\/v2\/pages\/9882","targetHints":{"allow":["GET"]}}],"collection":[{"href":"https:\/\/trafikurban-pr.com\/2022\/wp-json\/wp\/v2\/pages"}],"about":[{"href":"https:\/\/trafikurban-pr.com\/2022\/wp-json\/wp\/v2\/types\/page"}],"author":[{"embeddable":true,"href":"https:\/\/trafikurban-pr.com\/2022\/wp-json\/wp\/v2\/users\/1"}],"replies":[{"embeddable":true,"href":"https:\/\/trafikurban-pr.com\/2022\/wp-json\/wp\/v2\/comments?post=9882"}],"version-history":[{"count":74,"href":"https:\/\/trafikurban-pr.com\/2022\/wp-json\/wp\/v2\/pages\/9882\/revisions"}],"predecessor-version":[{"id":12355,"href":"https:\/\/trafikurban-pr.com\/2022\/wp-json\/wp\/v2\/pages\/9882\/revisions\/12355"}],"wp:attachment":[{"href":"https:\/\/trafikurban-pr.com\/2022\/wp-json\/wp\/v2\/media?parent=9882"}],"curies":[{"name":"wp","href":"https:\/\/api.w.org\/{rel}","templated":true}]}}